{"id":4798,"date":"2021-05-06T09:32:42","date_gmt":"2021-05-06T14:32:42","guid":{"rendered":"http:\/\/localhost\/kg2\/?page_id=4798"},"modified":"2021-09-06T19:49:23","modified_gmt":"2021-09-07T00:49:23","slug":"nuestra-estrategia","status":"publish","type":"page","link":"https:\/\/geo-park.com\/sustainability\/2019\/nuestra-estrategia\/","title":{"rendered":"nuestra estrategia"},"content":{"rendered":"\t\t<div data-elementor-type=\"wp-page\" data-elementor-id=\"4798\" class=\"elementor elementor-4798\">\n\t\t\t\t\t\t\t\t\t<section class=\"elementor-section elementor-top-section elementor-element elementor-element-bd3d186 elementor-section-boxed elementor-section-height-default elementor-section-height-default\" data-id=\"bd3d186\" data-element_type=\"section\">\n\t\t\t\t\t\t<div class=\"elementor-container elementor-column-gap-default\">\n\t\t\t\t\t<div class=\"elementor-column elementor-col-100 elementor-top-column elementor-element elementor-element-3158bfb ot-flex-column-vertical\" data-id=\"3158bfb\" data-element_type=\"column\">\n\t\t\t<div class=\"elementor-widget-wrap elementor-element-populated\">\n\t\t\t\t\t\t\t\t<div class=\"elementor-element elementor-element-d9d160a elementor-widget elementor-widget-text-editor\" data-id=\"d9d160a\" data-element_type=\"widget\" data-widget_type=\"text-editor.default\">\n\t\t\t\t<div class=\"elementor-widget-container\">\n\t\t\t\t\t\t\t<a href=\"#\"><span style=\"text-decoration: underline;\">Social<\/span><\/a> <span style=\"color: #000000;\">&gt; <\/span><span style=\"color: #ae0c21;\"><span style=\"color: #000000;\"><span style=\"text-decoration: underline;\">Desarrollo comunitario<\/span> &gt;<\/span> Nuestra estrategia<\/span>\t\t\t\t\t\t<\/div>\n\t\t\t\t<\/div>\n\t\t\t\t\t<\/div>\n\t\t<\/div>\n\t\t\t\t\t\t\t<\/div>\n\t\t<\/section>\n\t\t\t\t<section class=\"elementor-section elementor-top-section elementor-element elementor-element-821e517 elementor-section-boxed elementor-section-height-default elementor-section-height-default\" data-id=\"821e517\" data-element_type=\"section\">\n\t\t\t\t\t\t<div class=\"elementor-container elementor-column-gap-default\">\n\t\t\t\t\t<div class=\"elementor-column elementor-col-100 elementor-top-column elementor-element elementor-element-6835f12 ot-flex-column-vertical\" data-id=\"6835f12\" data-element_type=\"column\" data-settings=\"{&quot;background_background&quot;:&quot;classic&quot;}\">\n\t\t\t<div class=\"elementor-widget-wrap elementor-element-populated\">\n\t\t\t\t\t\t\t\t<div class=\"elementor-element elementor-element-4dc0f4b elementor-widget elementor-widget-spacer\" data-id=\"4dc0f4b\" data-element_type=\"widget\" data-widget_type=\"spacer.default\">\n\t\t\t\t<div class=\"elementor-widget-container\">\n\t\t\t\t\t<div class=\"elementor-spacer\">\n\t\t\t<div class=\"elementor-spacer-inner\"><\/div>\n\t\t<\/div>\n\t\t\t\t<\/div>\n\t\t\t\t<\/div>\n\t\t\t\t\t<\/div>\n\t\t<\/div>\n\t\t\t\t\t\t\t<\/div>\n\t\t<\/section>\n\t\t\t\t<section class=\"elementor-section elementor-top-section elementor-element elementor-element-ac085dd elementor-section-boxed elementor-section-height-default elementor-section-height-default\" data-id=\"ac085dd\" data-element_type=\"section\" data-settings=\"{&quot;background_background&quot;:&quot;classic&quot;}\">\n\t\t\t\t\t\t<div class=\"elementor-container elementor-column-gap-default\">\n\t\t\t\t\t<div class=\"elementor-column elementor-col-50 elementor-top-column elementor-element elementor-element-77b40d0 ot-flex-column-vertical\" data-id=\"77b40d0\" data-element_type=\"column\" data-settings=\"{&quot;background_background&quot;:&quot;classic&quot;}\">\n\t\t\t<div class=\"elementor-widget-wrap elementor-element-populated\">\n\t\t\t\t\t\t\t\t<div class=\"elementor-element elementor-element-357361d elementor-widget elementor-widget-image\" data-id=\"357361d\" data-element_type=\"widget\" data-widget_type=\"image.default\">\n\t\t\t\t<div class=\"elementor-widget-container\">\n\t\t\t\t\t\t\t\t\t\t\t\t\t\t\t<img decoding=\"async\" width=\"638\" height=\"756\" data-src=\"https:\/\/geo-park.com\/sustainability\/2019\/wp-content\/uploads\/2021\/05\/social_2.jpg\" class=\"attachment-large size-large wp-image-4800 lazyload\" alt=\"\" data-srcset=\"https:\/\/geo-park.com\/sustainability\/2019\/wp-content\/uploads\/2021\/05\/social_2.jpg 638w, https:\/\/geo-park.com\/sustainability\/2019\/wp-content\/uploads\/2021\/05\/social_2-253x300.jpg 253w\" data-sizes=\"(max-width: 638px) 100vw, 638px\" src=\"data:image\/gif;base64,R0lGODlhAQABAAAAACH5BAEKAAEALAAAAAABAAEAAAICTAEAOw==\" style=\"--smush-placeholder-width: 638px; --smush-placeholder-aspect-ratio: 638\/756;\" \/>\t\t\t\t\t\t\t\t\t\t\t\t\t\t\t<\/div>\n\t\t\t\t<\/div>\n\t\t\t\t\t<\/div>\n\t\t<\/div>\n\t\t\t\t<div class=\"elementor-column elementor-col-50 elementor-top-column elementor-element elementor-element-ab647dd ot-flex-column-vertical\" data-id=\"ab647dd\" data-element_type=\"column\" data-settings=\"{&quot;background_background&quot;:&quot;classic&quot;}\">\n\t\t\t<div class=\"elementor-widget-wrap elementor-element-populated\">\n\t\t\t\t\t\t\t\t<div class=\"elementor-element elementor-element-755b3bd elementor-widget elementor-widget-heading\" data-id=\"755b3bd\" data-element_type=\"widget\" data-widget_type=\"heading.default\">\n\t\t\t\t<div class=\"elementor-widget-container\">\n\t\t\t<h2 class=\"elementor-heading-title elementor-size-default\">NUESTRO <strong style=\"color:#00A68D\">MODELO DE GESTI\u00d3N INTEGRAL DEL ENTORNO<\/strong> PREMIADO POR SEGUNDO A\u00d1O CONSECUTIVO<\/h2>\t\t<\/div>\n\t\t\t\t<\/div>\n\t\t\t\t<div class=\"elementor-element elementor-element-4e5c572 elementor-widget elementor-widget-text-editor\" data-id=\"4e5c572\" data-element_type=\"widget\" data-widget_type=\"text-editor.default\">\n\t\t\t\t<div class=\"elementor-widget-container\">\n\t\t\t\t\t\t\t<p>GeoPark obtuvo el primer lugar en dos de las siete categor\u00edas incluidas en la segunda versi\u00f3n del reconocimiento de experiencias significativas en la implementaci\u00f3n de buenas pr\u00e1cticas ambientales y sociales para el sector minero-energ\u00e9tico que impulsan la transformaci\u00f3n del sector en los territorios del pa\u00eds, organizado por el Ministerio de Minas y Energ\u00eda, la Agencia Nacional de Hidrocarburos y la Agencia Nacional Minera.<\/p>\t\t\t\t\t\t<\/div>\n\t\t\t\t<\/div>\n\t\t\t\t\t<\/div>\n\t\t<\/div>\n\t\t\t\t\t\t\t<\/div>\n\t\t<\/section>\n\t\t\t\t<section class=\"elementor-section elementor-top-section elementor-element elementor-element-efc1f1e elementor-section-boxed elementor-section-height-default elementor-section-height-default\" data-id=\"efc1f1e\" data-element_type=\"section\">\n\t\t\t\t\t\t<div class=\"elementor-container elementor-column-gap-default\">\n\t\t\t\t\t<div class=\"elementor-column elementor-col-100 elementor-top-column elementor-element elementor-element-addfb7c ot-flex-column-vertical\" data-id=\"addfb7c\" data-element_type=\"column\">\n\t\t\t<div class=\"elementor-widget-wrap elementor-element-populated\">\n\t\t\t\t\t\t\t\t<div class=\"elementor-element elementor-element-ff90026 elementor-widget elementor-widget-spacer\" data-id=\"ff90026\" data-element_type=\"widget\" data-widget_type=\"spacer.default\">\n\t\t\t\t<div class=\"elementor-widget-container\">\n\t\t\t\t\t<div class=\"elementor-spacer\">\n\t\t\t<div class=\"elementor-spacer-inner\"><\/div>\n\t\t<\/div>\n\t\t\t\t<\/div>\n\t\t\t\t<\/div>\n\t\t\t\t\t<\/div>\n\t\t<\/div>\n\t\t\t\t\t\t\t<\/div>\n\t\t<\/section>\n\t\t\t\t<section class=\"elementor-section elementor-top-section elementor-element elementor-element-1465f6d elementor-section-boxed elementor-section-height-default elementor-section-height-default\" data-id=\"1465f6d\" data-element_type=\"section\" data-settings=\"{&quot;background_background&quot;:&quot;classic&quot;}\">\n\t\t\t\t\t\t<div class=\"elementor-container elementor-column-gap-default\">\n\t\t\t\t\t<div class=\"elementor-column elementor-col-100 elementor-top-column elementor-element elementor-element-dd24b4c ot-flex-column-vertical\" data-id=\"dd24b4c\" data-element_type=\"column\">\n\t\t\t<div class=\"elementor-widget-wrap elementor-element-populated\">\n\t\t\t\t\t\t\t\t<section class=\"elementor-section elementor-inner-section elementor-element elementor-element-c32aa34 elementor-section-boxed elementor-section-height-default elementor-section-height-default\" data-id=\"c32aa34\" data-element_type=\"section\">\n\t\t\t\t\t\t<div class=\"elementor-container elementor-column-gap-default\">\n\t\t\t\t\t<div class=\"elementor-column elementor-col-100 elementor-inner-column elementor-element elementor-element-500c0a9 ot-flex-column-vertical\" data-id=\"500c0a9\" data-element_type=\"column\">\n\t\t\t<div class=\"elementor-widget-wrap elementor-element-populated\">\n\t\t\t\t\t\t\t\t<div class=\"elementor-element elementor-element-bd8d76d elementor-widget elementor-widget-text-editor\" data-id=\"bd8d76d\" data-element_type=\"widget\" data-widget_type=\"text-editor.default\">\n\t\t\t\t<div class=\"elementor-widget-container\">\n\t\t\t\t\t\t\tNuestro \u201cModelo de Gesti\u00f3n Integral del Entorno: una estrategia de prevenci\u00f3n en conflictividad social\u201d, que articula siete variables de gesti\u00f3n y debida diligencia para la obtenci\u00f3n de la licencia social para operar y la sostenibilidad entre industria y entorno socioambiental, fue premiado en la categor\u00eda de gesti\u00f3n del Conflicto Social.\t\t\t\t\t\t<\/div>\n\t\t\t\t<\/div>\n\t\t\t\t\t<\/div>\n\t\t<\/div>\n\t\t\t\t\t\t\t<\/div>\n\t\t<\/section>\n\t\t\t\t\t<\/div>\n\t\t<\/div>\n\t\t\t\t\t\t\t<\/div>\n\t\t<\/section>\n\t\t\t\t<section class=\"elementor-section elementor-top-section elementor-element elementor-element-52226ff elementor-section-boxed elementor-section-height-default elementor-section-height-default\" data-id=\"52226ff\" data-element_type=\"section\">\n\t\t\t\t\t\t<div class=\"elementor-container elementor-column-gap-default\">\n\t\t\t\t\t<div class=\"elementor-column elementor-col-100 elementor-top-column elementor-element elementor-element-87b0b3d ot-flex-column-vertical\" data-id=\"87b0b3d\" data-element_type=\"column\">\n\t\t\t<div class=\"elementor-widget-wrap elementor-element-populated\">\n\t\t\t\t\t\t\t\t<section class=\"elementor-section elementor-inner-section elementor-element elementor-element-844df3e elementor-section-boxed elementor-section-height-default elementor-section-height-default\" data-id=\"844df3e\" data-element_type=\"section\">\n\t\t\t\t\t\t<div class=\"elementor-container elementor-column-gap-default\">\n\t\t\t\t\t<div class=\"elementor-column elementor-col-100 elementor-inner-column elementor-element elementor-element-0de638f ot-flex-column-vertical\" data-id=\"0de638f\" data-element_type=\"column\">\n\t\t\t<div class=\"elementor-widget-wrap elementor-element-populated\">\n\t\t\t\t\t\t\t\t<div class=\"elementor-element elementor-element-91700ba elementor-widget elementor-widget-spacer\" data-id=\"91700ba\" data-element_type=\"widget\" data-widget_type=\"spacer.default\">\n\t\t\t\t<div class=\"elementor-widget-container\">\n\t\t\t\t\t<div class=\"elementor-spacer\">\n\t\t\t<div class=\"elementor-spacer-inner\"><\/div>\n\t\t<\/div>\n\t\t\t\t<\/div>\n\t\t\t\t<\/div>\n\t\t\t\t<div class=\"elementor-element elementor-element-862677a elementor-widget elementor-widget-text-editor\" data-id=\"862677a\" data-element_type=\"widget\" data-widget_type=\"text-editor.default\">\n\t\t\t\t<div class=\"elementor-widget-container\">\n\t\t\t\t\t\t\t<p>Como logros importantes de la gesti\u00f3n integral del entorno se destacan el mantenimiento de la licencia social para operar, as\u00ed como el r\u00e9cord de cero bloqueos comunitarios con afectaci\u00f3n a la operaci\u00f3n en los \u00faltimos cinco a\u00f1os, lapso en el que la producci\u00f3n operada de GeoPark pas\u00f3 de menos de 10.000 a m\u00e1s de 74.000 bpd.<\/p><p>A su turno, el programa de GeoPark \u201cJuntos Sumamos\u201d fue premiado en la categor\u00eda de Gesti\u00f3n Laboral. Esta iniciativa tiene el objetivo de asegurar el trabajo decente en toda la cadena de valor de GeoPark, a partir de tres ejes: capacitaci\u00f3n en la normatividad laboral, acompa\u00f1amiento a la cadena de valor para el aseguramiento de condiciones laborales de los contratistas, y fomento del di\u00e1logo entre entidades del Estado, representantes de la sociedad civil y GeoPark, con el fin de prevenir la conflictividad laboral.<\/p>\t\t\t\t\t\t<\/div>\n\t\t\t\t<\/div>\n\t\t\t\t<div class=\"elementor-element elementor-element-51ac3b6 elementor-widget elementor-widget-spacer\" data-id=\"51ac3b6\" data-element_type=\"widget\" data-widget_type=\"spacer.default\">\n\t\t\t\t<div class=\"elementor-widget-container\">\n\t\t\t\t\t<div class=\"elementor-spacer\">\n\t\t\t<div class=\"elementor-spacer-inner\"><\/div>\n\t\t<\/div>\n\t\t\t\t<\/div>\n\t\t\t\t<\/div>\n\t\t\t\t<div class=\"elementor-element elementor-element-5bba768 elementor-widget elementor-widget-heading\" data-id=\"5bba768\" data-element_type=\"widget\" data-widget_type=\"heading.default\">\n\t\t\t\t<div class=\"elementor-widget-container\">\n\t\t\t<h2 class=\"elementor-heading-title elementor-size-default\">GESTI\u00d3N TEMPRANA Y SOSTENIBLE DEL ENTORNO PARA LA\nVIABILIDAD OPERACIONAL<\/h2>\t\t<\/div>\n\t\t\t\t<\/div>\n\t\t\t\t<div class=\"elementor-element elementor-element-b752516 elementor-widget elementor-widget-spacer\" data-id=\"b752516\" data-element_type=\"widget\" data-widget_type=\"spacer.default\">\n\t\t\t\t<div class=\"elementor-widget-container\">\n\t\t\t\t\t<div class=\"elementor-spacer\">\n\t\t\t<div class=\"elementor-spacer-inner\"><\/div>\n\t\t<\/div>\n\t\t\t\t<\/div>\n\t\t\t\t<\/div>\n\t\t\t\t<div class=\"elementor-element elementor-element-ded1563 elementor-widget elementor-widget-text-editor\" data-id=\"ded1563\" data-element_type=\"widget\" data-widget_type=\"text-editor.default\">\n\t\t\t\t<div class=\"elementor-widget-container\">\n\t\t\t\t\t\t\t<p>El cumplimiento exitoso de nuestras metas corporativas depende de la viabilidad y sostenibilidad de las actividades operacionales. Por ello, nuestro compromiso con la Buena Vecindad empieza con la identificaci\u00f3n y el an\u00e1lisis anticipado de los distintos riesgos del entorno y su evaluaci\u00f3n cualitativa y cuantitativa, definiendo planes de gesti\u00f3n temprana que nos permiten mitigar los impactos en la naturaleza y vecinos, y a su vez asegurar el desarrollo exitoso y responsable de nuestros distintos proyectos operacionales. Durante 2019, identificamos y gestionamos oportunamente los riesgos en el entorno que pudieran afectar el desarrollo de la operaci\u00f3n, y logramos un a\u00f1o con cero (0) interrupciones a la operaci\u00f3n por v\u00edas de hecho. Tambi\u00e9n gestionamos 41 alertas tempranas, enfoc\u00e1ndonos en la prevenci\u00f3n y gesti\u00f3n de los riesgos, logrando controlarlos o mitigarlos y dando viabilidad a la operaci\u00f3n.<\/p><p>La identificaci\u00f3n adecuada de los riesgos es posible solo si mantenemos un compromiso constante de trabajo con nuestras comunidades, privilegiando el di\u00e1logo como nuestra forma de relacionarnos, pues la escucha activa, los acuerdos claros y el cumplimiento de compromisos son la base para construir la confianza que garantiza la viabilidad de nuestras operaciones.<\/p>\t\t\t\t\t\t<\/div>\n\t\t\t\t<\/div>\n\t\t\t\t<div class=\"elementor-element elementor-element-458fff4 elementor-widget elementor-widget-spacer\" data-id=\"458fff4\" data-element_type=\"widget\" data-widget_type=\"spacer.default\">\n\t\t\t\t<div class=\"elementor-widget-container\">\n\t\t\t\t\t<div class=\"elementor-spacer\">\n\t\t\t<div class=\"elementor-spacer-inner\"><\/div>\n\t\t<\/div>\n\t\t\t\t<\/div>\n\t\t\t\t<\/div>\n\t\t\t\t<div class=\"elementor-element elementor-element-5ad26a4 elementor-widget elementor-widget-image\" data-id=\"5ad26a4\" data-element_type=\"widget\" data-widget_type=\"image.default\">\n\t\t\t\t<div class=\"elementor-widget-container\">\n\t\t\t\t\t\t\t\t\t\t\t\t\t\t\t<img decoding=\"async\" width=\"200\" height=\"155\" data-src=\"https:\/\/geo-park.com\/sustainability\/2019\/wp-content\/uploads\/2021\/05\/colombia_map_solo.png\" class=\"attachment-large size-large wp-image-5191 lazyload\" alt=\"\" src=\"data:image\/gif;base64,R0lGODlhAQABAAAAACH5BAEKAAEALAAAAAABAAEAAAICTAEAOw==\" style=\"--smush-placeholder-width: 200px; --smush-placeholder-aspect-ratio: 200\/155;\" \/>\t\t\t\t\t\t\t\t\t\t\t\t\t\t\t<\/div>\n\t\t\t\t<\/div>\n\t\t\t\t<div class=\"elementor-element elementor-element-9d31a50 elementor-widget elementor-widget-spacer\" data-id=\"9d31a50\" data-element_type=\"widget\" data-widget_type=\"spacer.default\">\n\t\t\t\t<div class=\"elementor-widget-container\">\n\t\t\t\t\t<div class=\"elementor-spacer\">\n\t\t\t<div class=\"elementor-spacer-inner\"><\/div>\n\t\t<\/div>\n\t\t\t\t<\/div>\n\t\t\t\t<\/div>\n\t\t\t\t<div class=\"elementor-element elementor-element-f5a7bf3 elementor-widget elementor-widget-heading\" data-id=\"f5a7bf3\" data-element_type=\"widget\" data-widget_type=\"heading.default\">\n\t\t\t\t<div class=\"elementor-widget-container\">\n\t\t\t<h2 class=\"elementor-heading-title elementor-size-default\">COLOMBIA<\/h2>\t\t<\/div>\n\t\t\t\t<\/div>\n\t\t\t\t<div class=\"elementor-element elementor-element-6b00e91 elementor-widget elementor-widget-heading\" data-id=\"6b00e91\" data-element_type=\"widget\" data-widget_type=\"heading.default\">\n\t\t\t\t<div class=\"elementor-widget-container\">\n\t\t\t<h4 class=\"elementor-heading-title elementor-size-default\">\nPROGRAMA \u201cCU\u00c9NTAME\u201d, NUESTRA MEJOR MANERA DE ACERCARNOS<\/h4>\t\t<\/div>\n\t\t\t\t<\/div>\n\t\t\t\t<div class=\"elementor-element elementor-element-7f7b72d elementor-widget elementor-widget-spacer\" data-id=\"7f7b72d\" data-element_type=\"widget\" data-widget_type=\"spacer.default\">\n\t\t\t\t<div class=\"elementor-widget-container\">\n\t\t\t\t\t<div class=\"elementor-spacer\">\n\t\t\t<div class=\"elementor-spacer-inner\"><\/div>\n\t\t<\/div>\n\t\t\t\t<\/div>\n\t\t\t\t<\/div>\n\t\t\t\t<div class=\"elementor-element elementor-element-7047b55 elementor-widget elementor-widget-text-editor\" data-id=\"7047b55\" data-element_type=\"widget\" data-widget_type=\"text-editor.default\">\n\t\t\t\t<div class=\"elementor-widget-container\">\n\t\t\t\t\t\t\t\u201cCu\u00e9ntame\u201d es el programa que facilita la atenci\u00f3n oportuna y efectiva de aquellas preocupaciones, inquietudes y peticiones que surgen en nuestros vecinos. En 2019, \u201cCu\u00e9ntame\u201d sigui\u00f3 posicion\u00e1ndose como nuestra manera de escuchar, atender, gestionar y asegurar el relacionamiento directo y permanente con nuestro entorno. El desarrollo del programa nos ha permitido lograr un entendimiento y abordaje integral de las peticiones, quejas y reclamos que se presentan en nuestras \u00e1reas de operaci\u00f3n, prevenir la conflictividad y estrechar relaciones sostenibles a largo plazo. En el mismo per\u00edodo, registramos en nuestra plataforma \u201cCu\u00e9ntame\u201d 260 reclamaciones, de las cuales 238 fueron cerradas y 22 contin\u00faan en proceso de an\u00e1lisis. Esto se traduce en una efectividad en el cierre de reclamaciones del 92 %, frente a una meta del 90 %.\t\t\t\t\t\t<\/div>\n\t\t\t\t<\/div>\n\t\t\t\t\t<\/div>\n\t\t<\/div>\n\t\t\t\t\t\t\t<\/div>\n\t\t<\/section>\n\t\t\t\t<div class=\"elementor-element elementor-element-9a316ac elementor-widget elementor-widget-spacer\" data-id=\"9a316ac\" data-element_type=\"widget\" data-widget_type=\"spacer.default\">\n\t\t\t\t<div class=\"elementor-widget-container\">\n\t\t\t\t\t<div class=\"elementor-spacer\">\n\t\t\t<div class=\"elementor-spacer-inner\"><\/div>\n\t\t<\/div>\n\t\t\t\t<\/div>\n\t\t\t\t<\/div>\n\t\t\t\t\t<\/div>\n\t\t<\/div>\n\t\t\t\t\t\t\t<\/div>\n\t\t<\/section>\n\t\t\t\t<section class=\"elementor-section elementor-top-section elementor-element elementor-element-c16ec9b elementor-section-boxed elementor-section-height-default elementor-section-height-default\" data-id=\"c16ec9b\" data-element_type=\"section\" data-settings=\"{&quot;background_background&quot;:&quot;classic&quot;}\">\n\t\t\t\t\t\t<div class=\"elementor-container elementor-column-gap-default\">\n\t\t\t\t\t<div class=\"elementor-column elementor-col-100 elementor-top-column elementor-element elementor-element-d9ff49a ot-flex-column-vertical\" data-id=\"d9ff49a\" data-element_type=\"column\">\n\t\t\t<div class=\"elementor-widget-wrap elementor-element-populated\">\n\t\t\t\t\t\t\t\t<section class=\"elementor-section elementor-inner-section elementor-element elementor-element-e1b19ff elementor-section-boxed elementor-section-height-default elementor-section-height-default\" data-id=\"e1b19ff\" data-element_type=\"section\">\n\t\t\t\t\t\t<div class=\"elementor-container elementor-column-gap-default\">\n\t\t\t\t\t<div class=\"elementor-column elementor-col-100 elementor-inner-column elementor-element elementor-element-e62845b ot-flex-column-vertical\" data-id=\"e62845b\" data-element_type=\"column\">\n\t\t\t<div class=\"elementor-widget-wrap elementor-element-populated\">\n\t\t\t\t\t\t\t\t<div class=\"elementor-element elementor-element-ce8de39 elementor-widget elementor-widget-text-editor\" data-id=\"ce8de39\" data-element_type=\"widget\" data-widget_type=\"text-editor.default\">\n\t\t\t\t<div class=\"elementor-widget-container\">\n\t\t\t\t\t\t\t<p>Desde el 2018, todas las reclamaciones recibidas se registran y gestionan a trav\u00e9s de la plataforma Cu\u00e9ntame, por lo que en el 2019 se observa un aumento de las reclamaciones con respecto a los valores hist\u00f3ricos, asociado al incremento de la actividad operacional y a las expectativas de la nueva legislaci\u00f3n laboral en Colombia.<\/p><p><strong>La plataforma ha incorporado una serie de variables de an\u00e1lisis y registro que hoy nos permiten la identificaci\u00f3n de reincidencias, contratistas responsables, riesgos de derechos humanos y grupos poblacionales vulnerables. Tambi\u00e9n nos brinda la posibilidad de realizar un an\u00e1lisis de tendencias y generar indicadores.<\/strong><\/p>\t\t\t\t\t\t<\/div>\n\t\t\t\t<\/div>\n\t\t\t\t\t<\/div>\n\t\t<\/div>\n\t\t\t\t\t\t\t<\/div>\n\t\t<\/section>\n\t\t\t\t\t<\/div>\n\t\t<\/div>\n\t\t\t\t\t\t\t<\/div>\n\t\t<\/section>\n\t\t\t\t<section class=\"elementor-section elementor-top-section elementor-element elementor-element-25f8429 elementor-section-boxed elementor-section-height-default elementor-section-height-default\" data-id=\"25f8429\" data-element_type=\"section\">\n\t\t\t\t\t\t<div class=\"elementor-container elementor-column-gap-default\">\n\t\t\t\t\t<div class=\"elementor-column elementor-col-100 elementor-top-column elementor-element elementor-element-b58d7f7 ot-flex-column-vertical\" data-id=\"b58d7f7\" data-element_type=\"column\">\n\t\t\t<div class=\"elementor-widget-wrap elementor-element-populated\">\n\t\t\t\t\t\t\t\t<section class=\"elementor-section elementor-inner-section elementor-element elementor-element-1eda00b elementor-section-boxed elementor-section-height-default elementor-section-height-default\" data-id=\"1eda00b\" data-element_type=\"section\">\n\t\t\t\t\t\t<div class=\"elementor-container elementor-column-gap-default\">\n\t\t\t\t\t<div class=\"elementor-column elementor-col-100 elementor-inner-column elementor-element elementor-element-89fcb4c ot-flex-column-vertical\" data-id=\"89fcb4c\" data-element_type=\"column\">\n\t\t\t<div class=\"elementor-widget-wrap elementor-element-populated\">\n\t\t\t\t\t\t\t\t<div class=\"elementor-element elementor-element-aaef815 elementor-widget elementor-widget-spacer\" data-id=\"aaef815\" data-element_type=\"widget\" data-widget_type=\"spacer.default\">\n\t\t\t\t<div class=\"elementor-widget-container\">\n\t\t\t\t\t<div class=\"elementor-spacer\">\n\t\t\t<div class=\"elementor-spacer-inner\"><\/div>\n\t\t<\/div>\n\t\t\t\t<\/div>\n\t\t\t\t<\/div>\n\t\t\t\t<div class=\"elementor-element elementor-element-32b1bd8 elementor-widget elementor-widget-heading\" data-id=\"32b1bd8\" data-element_type=\"widget\" data-widget_type=\"heading.default\">\n\t\t\t\t<div class=\"elementor-widget-container\">\n\t\t\t<h4 class=\"elementor-heading-title elementor-size-default\">PROGRAMA \u201cJUNTOS SUMAMOS\u201d, ENCUENTROS PARA EL DI\u00c1LOGO SOCIOLABORAL\n\n\n<\/strong><\/h4>\t\t<\/div>\n\t\t\t\t<\/div>\n\t\t\t\t<div class=\"elementor-element elementor-element-207a106 elementor-widget elementor-widget-spacer\" data-id=\"207a106\" data-element_type=\"widget\" data-widget_type=\"spacer.default\">\n\t\t\t\t<div class=\"elementor-widget-container\">\n\t\t\t\t\t<div class=\"elementor-spacer\">\n\t\t\t<div class=\"elementor-spacer-inner\"><\/div>\n\t\t<\/div>\n\t\t\t\t<\/div>\n\t\t\t\t<\/div>\n\t\t\t\t<div class=\"elementor-element elementor-element-cc3ffc2 elementor-widget elementor-widget-text-editor\" data-id=\"cc3ffc2\" data-element_type=\"widget\" data-widget_type=\"text-editor.default\">\n\t\t\t\t<div class=\"elementor-widget-container\">\n\t\t\t\t\t\t\tEn GeoPark, fomentamos la comunicaci\u00f3n constante con la cadena de valor, con sus trabajadores y representantes, y ofrecemos distintas herramientas para intercambiar opiniones y escuchar la voz de las empresas, pues son la fuente principal de informaci\u00f3n que tenemos para la consolidaci\u00f3n de un ambiente laboral positivo y de la paz social en los territorios que operamos. Escuchar sus expectativas y apoyarnos en la retroalimentaci\u00f3n que nos entregan nos ayuda a innovar e implementar iniciativas y acciones conjuntas que hagan de GeoPark cada d\u00eda un mejor lugar para trabajar. Junto con un grupo de l\u00edderes en la cadena de valor, autoridades locales y nacionales y empresas contratistas, consolidamos una estrategia de manejo laboral denominada \u201cJuntos Sumamos\u201d, enfocada en desarrollar planes de acci\u00f3n que atienden las opiniones e inquietudes de los grupos de inter\u00e9s respecto al desarrollo laboral en nuestras operaciones.\t\t\t\t\t\t<\/div>\n\t\t\t\t<\/div>\n\t\t\t\t<div class=\"elementor-element elementor-element-d823423 elementor-widget elementor-widget-spacer\" data-id=\"d823423\" data-element_type=\"widget\" data-widget_type=\"spacer.default\">\n\t\t\t\t<div class=\"elementor-widget-container\">\n\t\t\t\t\t<div class=\"elementor-spacer\">\n\t\t\t<div class=\"elementor-spacer-inner\"><\/div>\n\t\t<\/div>\n\t\t\t\t<\/div>\n\t\t\t\t<\/div>\n\t\t\t\t\t<\/div>\n\t\t<\/div>\n\t\t\t\t\t\t\t<\/div>\n\t\t<\/section>\n\t\t\t\t\t<\/div>\n\t\t<\/div>\n\t\t\t\t\t\t\t<\/div>\n\t\t<\/section>\n\t\t\t\t<section class=\"elementor-section elementor-top-section elementor-element elementor-element-4562d8f elementor-section-boxed elementor-section-height-default elementor-section-height-default\" data-id=\"4562d8f\" data-element_type=\"section\">\n\t\t\t\t\t\t<div class=\"elementor-container elementor-column-gap-default\">\n\t\t\t\t\t<div class=\"elementor-column elementor-col-100 elementor-top-column elementor-element elementor-element-35a34d7 ot-flex-column-vertical\" data-id=\"35a34d7\" data-element_type=\"column\">\n\t\t\t<div class=\"elementor-widget-wrap elementor-element-populated\">\n\t\t\t\t\t\t\t\t<div class=\"elementor-element elementor-element-7705c9c elementor-widget elementor-widget-html\" data-id=\"7705c9c\" data-element_type=\"widget\" data-widget_type=\"html.default\">\n\t\t\t\t<div class=\"elementor-widget-container\">\n\t\t\t<a href=\"https:\/\/sustainabilitygeopark.com\/2019\/desarrollo-comunitario\/\"><div style=\"display: flex; align-items: center; position: fixed; top: 50%; left: 0;\">\n       <div id=\"btn-flecha2\" style=\"border: 2px solid #000; padding: 8px 15px; cursor: pointer;\">\n        <i class=\"fas fa-long-arrow-alt-left\"><\/i>\n    <\/div>\n     <div id=\"text-reporte-speed2\" style=\"width: 170px; font-size: 12px; text-align: center; border: 2px solid #ae0c21; opacity: 0; background-color: #fff; color: #000; pointer-events: none;\">\n       DESARROLLO <br>COMUNITARIO\n    <\/div>\n<\/div>\n<\/a>\n<style>\n    #btn-flecha2:hover{\n        background-color: #ae0c21;\n        border: #ae0c21 !important;\n        color: #fff;\n    }\n<\/style>\n\n<script>\n    document.getElementById('btn-flecha2').onmouseover = function(){\n            document.getElementById('text-reporte-speed2').style.opacity = 1;\n    }\n    \n    document.getElementById('btn-flecha2').onmouseout = function(){\n            document.getElementById('text-reporte-speed2').style.opacity = 0;\n    }\n<\/script>\n\n\n<a href=\"https:\/\/sustainabilitygeopark.com\/2019\/dialogo\/\"><div style=\"display: flex; align-items: center; position: fixed; top: 50%; right: 0;\">\n    <div id=\"text-reporte-speed\" style=\"width: 170px; font-size: 12px; text-align: center; border: 2px solid #ae0c21; opacity: 0; background-color: #fff; color: #000; pointer-events: none;\">\n       DI\u00c1LOGO Y CONSULTA A  <br>LAS PARTES INTERESADAS\n    <\/div>\n    \n    <div id=\"btn-flecha\" style=\"border: 2px solid #000; padding: 8px 15px; cursor: pointer;\">\n        <i class=\"fas fa-long-arrow-alt-right\"><\/i>\n    <\/div>\n<\/div>\n<\/a>\n<style>\n    #btn-flecha:hover{\n        background-color: #ae0c21;\n        border: #ae0c21 !important;\n        color: #fff;\n    }\n<\/style>\n\n<script>\n    document.getElementById('btn-flecha').onmouseover = function(){\n            document.getElementById('text-reporte-speed').style.opacity = 1;\n    }\n    \n    document.getElementById('btn-flecha').onmouseout = function(){\n            document.getElementById('text-reporte-speed').style.opacity = 0;\n    }\n<\/script>\t\t<\/div>\n\t\t\t\t<\/div>\n\t\t\t\t\t<\/div>\n\t\t<\/div>\n\t\t\t\t\t\t\t<\/div>\n\t\t<\/section>\n\t\t\t\t\t\t\t<\/div>\n\t\t","protected":false},"excerpt":{"rendered":"<p>Social &gt; Desarrollo comunitario &gt; Nuestra estrategia NUESTRO MODELO DE GESTI\u00d3N INTEGRAL DEL ENTORNO PREMIADO POR SEGUNDO A\u00d1O CONSECUTIVO GeoPark obtuvo el primer lugar en dos de las siete categor\u00edas incluidas en la segunda versi\u00f3n del reconocimiento de experiencias significativas en la implementaci\u00f3n de buenas pr\u00e1cticas ambientales y sociales para el sector minero-energ\u00e9tico que impulsan [&hellip;]<\/p>\n","protected":false},"author":1,"featured_media":0,"parent":0,"menu_order":0,"comment_status":"closed","ping_status":"closed","template":"","meta":{"footnotes":""},"class_list":["post-4798","page","type-page","status-publish","hentry"],"_links":{"self":[{"href":"https:\/\/geo-park.com\/sustainability\/2019\/wp-json\/wp\/v2\/pages\/4798","targetHints":{"allow":["GET"]}}],"collection":[{"href":"https:\/\/geo-park.com\/sustainability\/2019\/wp-json\/wp\/v2\/pages"}],"about":[{"href":"https:\/\/geo-park.com\/sustainability\/2019\/wp-json\/wp\/v2\/types\/page"}],"author":[{"embeddable":true,"href":"https:\/\/geo-park.com\/sustainability\/2019\/wp-json\/wp\/v2\/users\/1"}],"replies":[{"embeddable":true,"href":"https:\/\/geo-park.com\/sustainability\/2019\/wp-json\/wp\/v2\/comments?post=4798"}],"version-history":[{"count":104,"href":"https:\/\/geo-park.com\/sustainability\/2019\/wp-json\/wp\/v2\/pages\/4798\/revisions"}],"predecessor-version":[{"id":12296,"href":"https:\/\/geo-park.com\/sustainability\/2019\/wp-json\/wp\/v2\/pages\/4798\/revisions\/12296"}],"wp:attachment":[{"href":"https:\/\/geo-park.com\/sustainability\/2019\/wp-json\/wp\/v2\/media?parent=4798"}],"curies":[{"name":"wp","href":"https:\/\/api.w.org\/{rel}","templated":true}]}}