{"id":2832,"date":"2023-05-09T13:23:56","date_gmt":"2023-05-09T18:23:56","guid":{"rendered":"https:\/\/geo-park.com\/sustainability\/2022\/?page_id=2832"},"modified":"2023-06-26T19:26:14","modified_gmt":"2023-06-27T00:26:14","slug":"equidad-inclusion-y-diversidad","status":"publish","type":"page","link":"https:\/\/geo-park.com\/sustainability\/2022\/gestion-social\/equidad-inclusion-y-diversidad\/","title":{"rendered":"Equidad, inclusi\u00f3n y diversidad"},"content":{"rendered":"\t\t<div data-elementor-type=\"wp-page\" data-elementor-id=\"2832\" class=\"elementor elementor-2832\" data-elementor-post-type=\"page\">\n\t\t\t\t<div class=\"elementor-element elementor-element-eea0b88 hero hero-subpage e-flex e-con-boxed e-con e-parent\" data-id=\"eea0b88\" data-element_type=\"container\" data-settings=\"{&quot;background_background&quot;:&quot;classic&quot;}\">\n\t\t\t\t\t<div class=\"e-con-inner\">\n\t\t\t\t<div class=\"elementor-element elementor-element-2ba9dcc elementor-widget elementor-widget-heading\" data-id=\"2ba9dcc\" data-element_type=\"widget\" data-widget_type=\"heading.default\">\n\t\t\t\t<div class=\"elementor-widget-container\">\n\t\t\t\t\t<h1 class=\"elementor-heading-title elementor-size-default\">Equidad, inclusi\u00f3n \n<b>y diversidad<\/b><\/h1>\t\t\t\t<\/div>\n\t\t\t\t<\/div>\n\t\t\t\t<div class=\"elementor-element elementor-element-7b1f5be elementor-widget elementor-widget-button\" data-id=\"7b1f5be\" data-element_type=\"widget\" data-widget_type=\"button.default\">\n\t\t\t\t<div class=\"elementor-widget-container\">\n\t\t\t\t\t\t\t\t\t<div class=\"elementor-button-wrapper\">\n\t\t\t\t\t<a class=\"elementor-button elementor-button-link elementor-size-sm\" href=\"https:\/\/geo-park.com\/sustainability\/2022\/wp-content\/uploads\/GeoPark-Reporte-SPEED-ESG-2022.pdf#page=72\" target=\"_blank\">\n\t\t\t\t\t\t<span class=\"elementor-button-content-wrapper\">\n\t\t\t\t\t\t\t\t\t<span class=\"elementor-button-text\">Consulte el cap\u00edtulo completo<\/span>\n\t\t\t\t\t<\/span>\n\t\t\t\t\t<\/a>\n\t\t\t\t<\/div>\n\t\t\t\t\t\t\t\t<\/div>\n\t\t\t\t<\/div>\n\t\t\t\t\t<\/div>\n\t\t\t\t<\/div>\n\t\t<div class=\"elementor-element elementor-element-a1b0c30 e-flex e-con-boxed e-con e-parent\" data-id=\"a1b0c30\" data-element_type=\"container\">\n\t\t\t\t\t<div class=\"e-con-inner\">\n\t\t\t\t<div class=\"elementor-element elementor-element-f4f541f elementor-widget elementor-widget-global elementor-global-1607 elementor-widget-shortcode\" data-id=\"f4f541f\" data-element_type=\"widget\" data-widget_type=\"shortcode.default\">\n\t\t\t\t<div class=\"elementor-widget-container\">\n\t\t\t\t\t\t\t<div class=\"elementor-shortcode\"><nav aria-label=\"breadcrumb\" class=\"breadcrumb\"><ol><li><a href=\"https:\/\/geo-park.com\/sustainability\/2022\/\">Inicio<\/a><\/li><\/ol><\/nav><\/div>\n\t\t\t\t\t\t<\/div>\n\t\t\t\t<\/div>\n\t\t\t\t\t<\/div>\n\t\t\t\t<\/div>\n\t\t<div class=\"elementor-element elementor-element-93caac6 e-flex e-con-boxed e-con e-parent\" data-id=\"93caac6\" data-element_type=\"container\">\n\t\t\t\t\t<div class=\"e-con-inner\">\n\t\t\t\t<div class=\"elementor-element elementor-element-932601e lede elementor-widget elementor-widget-text-editor\" data-id=\"932601e\" data-element_type=\"widget\" data-widget_type=\"text-editor.default\">\n\t\t\t\t<div class=\"elementor-widget-container\">\n\t\t\t\t\t\t\t\t\tEl bienestar de nuestros grupos de inter\u00e9s es una prioridad. Entendemos que en todos los pa\u00edses donde operamos hay retos que afrontar y superar en relaci\u00f3n con la equidad, la inclusi\u00f3n y diversidad (EID).\t\t\t\t\t\t\t\t<\/div>\n\t\t\t\t<\/div>\n\t\t\t\t\t<\/div>\n\t\t\t\t<\/div>\n\t\t<div class=\"elementor-element elementor-element-04631b6 e-flex e-con-boxed e-con e-parent\" data-id=\"04631b6\" data-element_type=\"container\">\n\t\t\t\t\t<div class=\"e-con-inner\">\n\t\t<div class=\"elementor-element elementor-element-3b8917a e-con-full e-flex e-con e-parent\" data-id=\"3b8917a\" data-element_type=\"container\">\n\t\t\t\t<div class=\"elementor-element elementor-element-79d8df1 elementor-widget elementor-widget-text-editor\" data-id=\"79d8df1\" data-element_type=\"widget\" data-widget_type=\"text-editor.default\">\n\t\t\t\t<div class=\"elementor-widget-container\">\n\t\t\t\t\t\t\t\t\tPor eso hemos decidido darle mayor visibilidad y m\u00e1s fuerza a nuestro enfoque EID el cual entendemos como las estrategias, iniciativas y lineamientos que adoptamos para contribuir a garantizar un trato justo y con igualdad de oportunidades que promuevan la consolidaci\u00f3n de equipos de trabajo diversos, en los que todos se sientan reconocidos, valorados y respetados.\t\t\t\t\t\t\t\t<\/div>\n\t\t\t\t<\/div>\n\t\t\t\t<\/div>\n\t\t<div class=\"elementor-element elementor-element-6f4537c e-con-full e-flex e-con e-parent\" data-id=\"6f4537c\" data-element_type=\"container\">\n\t\t\t\t<div class=\"elementor-element elementor-element-895b70d elementor-widget elementor-widget-image\" data-id=\"895b70d\" data-element_type=\"widget\" data-widget_type=\"image.default\">\n\t\t\t\t<div class=\"elementor-widget-container\">\n\t\t\t\t\t\t\t\t\t\t\t\t\t\t\t<img fetchpriority=\"high\" decoding=\"async\" width=\"800\" height=\"534\" src=\"https:\/\/geo-park.com\/sustainability\/2022\/wp-content\/uploads\/img-030-1024x683.jpg\" class=\"attachment-large size-large wp-image-1353\" alt=\"\" srcset=\"https:\/\/geo-park.com\/sustainability\/2022\/wp-content\/uploads\/img-030-1024x683.jpg 1024w, https:\/\/geo-park.com\/sustainability\/2022\/wp-content\/uploads\/img-030-512x342.jpg 512w, https:\/\/geo-park.com\/sustainability\/2022\/wp-content\/uploads\/img-030-768x512.jpg 768w, https:\/\/geo-park.com\/sustainability\/2022\/wp-content\/uploads\/img-030-1536x1025.jpg 1536w, https:\/\/geo-park.com\/sustainability\/2022\/wp-content\/uploads\/img-030.jpg 2000w\" sizes=\"(max-width: 800px) 100vw, 800px\" \/>\t\t\t\t\t\t\t\t\t\t\t\t\t\t\t<\/div>\n\t\t\t\t<\/div>\n\t\t\t\t<\/div>\n\t\t\t\t\t<\/div>\n\t\t\t\t<\/div>\n\t\t<div class=\"elementor-element elementor-element-3699fa2 e-flex e-con-boxed e-con e-parent\" data-id=\"3699fa2\" data-element_type=\"container\" data-settings=\"{&quot;background_background&quot;:&quot;classic&quot;}\">\n\t\t\t\t\t<div class=\"e-con-inner\">\n\t\t\t\t<div id=\"politicas-y-compromisos\" class=\"elementor-element elementor-element-2492008 elementor-widget elementor-widget-heading\" data-id=\"2492008\" data-element_type=\"widget\" data-widget_type=\"heading.default\">\n\t\t\t\t<div class=\"elementor-widget-container\">\n\t\t\t\t\t<h2 class=\"elementor-heading-title elementor-size-default\">Pol\u00edticas y <b>compromisos<\/b><\/h2>\t\t\t\t<\/div>\n\t\t\t\t<\/div>\n\t\t\t\t<div class=\"elementor-element elementor-element-e0da652 elementor-widget__width-initial elementor-widget elementor-widget-text-editor\" data-id=\"e0da652\" data-element_type=\"widget\" data-widget_type=\"text-editor.default\">\n\t\t\t\t<div class=\"elementor-widget-container\">\n\t\t\t\t\t\t\t\t\tEstamos convencidos de que integrar y promover equipos diversos es clave para potenciar nuestro crecimiento y ser una compa\u00f1\u00eda l\u00edder y \u00fanica en Am\u00e9rica Latina. Adem\u00e1s, queremos honrar nuestro compromiso con los empleados declarado en nuestro Sistema Integrado de Valores SPEED: Crear y fortalecer un \u00e1mbito laboral justo, motivador, inclusivo y con oportunidades para todos.\t\t\t\t\t\t\t\t<\/div>\n\t\t\t\t<\/div>\n\t\t\t\t\t<\/div>\n\t\t\t\t<\/div>\n\t\t<div class=\"elementor-element elementor-element-167fe12 e-flex e-con-boxed e-con e-parent\" data-id=\"167fe12\" data-element_type=\"container\">\n\t\t\t\t\t<div class=\"e-con-inner\">\n\t\t\t\t<div id=\"nuestro-enfoque-y-nuestra-gestion\" class=\"elementor-element elementor-element-36659fe elementor-widget elementor-widget-heading\" data-id=\"36659fe\" data-element_type=\"widget\" data-widget_type=\"heading.default\">\n\t\t\t\t<div class=\"elementor-widget-container\">\n\t\t\t\t\t<h2 class=\"elementor-heading-title elementor-size-default\">Nuestro enfoque y \n<b>nuestra gesti\u00f3n<\/b>\n\t\t\t<\/h2>\t\t\t\t<\/div>\n\t\t\t\t<\/div>\n\t\t\t\t<div class=\"elementor-element elementor-element-b0b160c elementor-widget__width-initial elementor-widget elementor-widget-text-editor\" data-id=\"b0b160c\" data-element_type=\"widget\" data-widget_type=\"text-editor.default\">\n\t\t\t\t<div class=\"elementor-widget-container\">\n\t\t\t\t\t\t\t\t\t<p>Para materializar nuestro Compromiso con la EID, pusimos en marcha nuestro Sistema de Gesti\u00f3n de Igualdad de G\u00e9nero (SGIG). De nuestro SGIG se desprende el Plan de Igualdad el cual tiene los siguientes objetivos:<\/p>\t\t\t\t\t\t\t\t<\/div>\n\t\t\t\t<\/div>\n\t\t\t\t<div class=\"elementor-element elementor-element-e28dfbc elementor-align-left elementor-widget__width-initial elementor-icon-list--layout-traditional elementor-list-item-link-full_width elementor-widget elementor-widget-icon-list\" data-id=\"e28dfbc\" data-element_type=\"widget\" data-widget_type=\"icon-list.default\">\n\t\t\t\t<div class=\"elementor-widget-container\">\n\t\t\t\t\t\t\t<ul class=\"elementor-icon-list-items\">\n\t\t\t\t\t\t\t<li class=\"elementor-icon-list-item\">\n\t\t\t\t\t\t\t\t\t\t\t<span class=\"elementor-icon-list-icon\">\n\t\t\t\t\t\t\t<i aria-hidden=\"true\" class=\"fas fa-check-circle\"><\/i>\t\t\t\t\t\t<\/span>\n\t\t\t\t\t\t\t\t\t\t<span class=\"elementor-icon-list-text\">Atraer a los mejores seres humanos, con un amplio rango de perspectivas y capacidades.<\/span>\n\t\t\t\t\t\t\t\t\t<\/li>\n\t\t\t\t\t\t\t\t<li class=\"elementor-icon-list-item\">\n\t\t\t\t\t\t\t\t\t\t\t<span class=\"elementor-icon-list-icon\">\n\t\t\t\t\t\t\t<i aria-hidden=\"true\" class=\"fas fa-check-circle\"><\/i>\t\t\t\t\t\t<\/span>\n\t\t\t\t\t\t\t\t\t\t<span class=\"elementor-icon-list-text\">Garantizar el trato equitativo a todos los hombres y las mujeres.<\/span>\n\t\t\t\t\t\t\t\t\t<\/li>\n\t\t\t\t\t\t\t\t<li class=\"elementor-icon-list-item\">\n\t\t\t\t\t\t\t\t\t\t\t<span class=\"elementor-icon-list-icon\">\n\t\t\t\t\t\t\t<i aria-hidden=\"true\" class=\"fas fa-check-circle\"><\/i>\t\t\t\t\t\t<\/span>\n\t\t\t\t\t\t\t\t\t\t<span class=\"elementor-icon-list-text\">Valorar el balance vida-trabajo y promover la conciliaci\u00f3n de la vida laboral, personal y familiar de nuestros equipos.<\/span>\n\t\t\t\t\t\t\t\t\t<\/li>\n\t\t\t\t\t\t\t\t<li class=\"elementor-icon-list-item\">\n\t\t\t\t\t\t\t\t\t\t\t<span class=\"elementor-icon-list-icon\">\n\t\t\t\t\t\t\t<i aria-hidden=\"true\" class=\"fas fa-check-circle\"><\/i>\t\t\t\t\t\t<\/span>\n\t\t\t\t\t\t\t\t\t\t<span class=\"elementor-icon-list-text\">Promover la formaci\u00f3n y el desarrollo profesional y organizacional de cada uno de nuestros empleados.<\/span>\n\t\t\t\t\t\t\t\t\t<\/li>\n\t\t\t\t\t\t\t\t<li class=\"elementor-icon-list-item\">\n\t\t\t\t\t\t\t\t\t\t\t<span class=\"elementor-icon-list-icon\">\n\t\t\t\t\t\t\t<i aria-hidden=\"true\" class=\"fas fa-check-circle\"><\/i>\t\t\t\t\t\t<\/span>\n\t\t\t\t\t\t\t\t\t\t<span class=\"elementor-icon-list-text\">Propiciar un ambiente laboral libre de discriminaci\u00f3n y violencia.<\/span>\n\t\t\t\t\t\t\t\t\t<\/li>\n\t\t\t\t\t\t\t\t<li class=\"elementor-icon-list-item\">\n\t\t\t\t\t\t\t\t\t\t\t<span class=\"elementor-icon-list-icon\">\n\t\t\t\t\t\t\t<i aria-hidden=\"true\" class=\"fas fa-check-circle\"><\/i>\t\t\t\t\t\t<\/span>\n\t\t\t\t\t\t\t\t\t\t<span class=\"elementor-icon-list-text\">Prevenir y ser estrictos en el cumplimiento de las medidas espec\u00edficas que previenen, atienden y sancionan cualquier manifestaci\u00f3n de acoso en el \u00e1mbito de trabajo.<\/span>\n\t\t\t\t\t\t\t\t\t<\/li>\n\t\t\t\t\t\t\t\t<li class=\"elementor-icon-list-item\">\n\t\t\t\t\t\t\t\t\t\t\t<span class=\"elementor-icon-list-icon\">\n\t\t\t\t\t\t\t<i aria-hidden=\"true\" class=\"fas fa-check-circle\"><\/i>\t\t\t\t\t\t<\/span>\n\t\t\t\t\t\t\t\t\t\t<span class=\"elementor-icon-list-text\">Remover las barreras que impiden la integraci\u00f3n de todos nuestros empleados.<\/span>\n\t\t\t\t\t\t\t\t\t<\/li>\n\t\t\t\t\t\t<\/ul>\n\t\t\t\t\t\t<\/div>\n\t\t\t\t<\/div>\n\t\t\t\t\t<\/div>\n\t\t\t\t<\/div>\n\t\t<div class=\"elementor-element elementor-element-bae0c9e e-flex e-con-boxed e-con e-parent\" data-id=\"bae0c9e\" data-element_type=\"container\" data-settings=\"{&quot;background_background&quot;:&quot;classic&quot;}\">\n\t\t\t\t\t<div class=\"e-con-inner\">\n\t\t\t\t<div id=\"seguimiento-y-monitoreo\" class=\"elementor-element elementor-element-f3b0981 elementor-widget elementor-widget-heading\" data-id=\"f3b0981\" data-element_type=\"widget\" data-widget_type=\"heading.default\">\n\t\t\t\t<div class=\"elementor-widget-container\">\n\t\t\t\t\t<h2 class=\"elementor-heading-title elementor-size-default\">SEGUIMIENTO Y <b>MONITOREO<\/b>\n\t\t\t<\/h2>\t\t\t\t<\/div>\n\t\t\t\t<\/div>\n\t\t\t\t<div class=\"elementor-element elementor-element-29baedd elementor-widget__width-initial elementor-widget elementor-widget-text-editor\" data-id=\"29baedd\" data-element_type=\"widget\" data-widget_type=\"text-editor.default\">\n\t\t\t\t<div class=\"elementor-widget-container\">\n\t\t\t\t\t\t\t\t\tEl monitoreo y el control en nuestro plan de acci\u00f3n lo hacemos semestralmente a trav\u00e9s del CEID, que es el \u00f3rgano encargado de sancionar, aprobar y darlineamientos para su implementaci\u00f3n. Igualmente, el CEID revisa los indicadores del SGIG para verificar las tendencias y as\u00ed tomar decisiones seg\u00fan la estrategia definida.\t\t\t\t\t\t\t\t<\/div>\n\t\t\t\t<\/div>\n\t\t\t\t\t<\/div>\n\t\t\t\t<\/div>\n\t\t<div class=\"elementor-element elementor-element-a13eb57 e-flex e-con-boxed e-con e-parent\" data-id=\"a13eb57\" data-element_type=\"container\">\n\t\t\t\t\t<div class=\"e-con-inner\">\n\t\t\t\t<div id=\"metas\" class=\"elementor-element elementor-element-0932714 elementor-widget elementor-widget-heading\" data-id=\"0932714\" data-element_type=\"widget\" data-widget_type=\"heading.default\">\n\t\t\t\t<div class=\"elementor-widget-container\">\n\t\t\t\t\t<h2 class=\"elementor-heading-title elementor-size-default\">Metas<\/h2>\t\t\t\t<\/div>\n\t\t\t\t<\/div>\n\t\t<div class=\"elementor-element elementor-element-a5d437a e-flex e-con-boxed e-con e-parent\" data-id=\"a5d437a\" data-element_type=\"container\">\n\t\t\t\t\t<div class=\"e-con-inner\">\n\t\t<div class=\"elementor-element elementor-element-8549b53 e-con-full e-flex e-con e-parent\" data-id=\"8549b53\" data-element_type=\"container\">\n\t\t\t\t<div class=\"elementor-element elementor-element-070ee18 elementor-widget-divider--view-line elementor-widget elementor-widget-divider\" data-id=\"070ee18\" data-element_type=\"widget\" data-widget_type=\"divider.default\">\n\t\t\t\t<div class=\"elementor-widget-container\">\n\t\t\t\t\t\t\t<div class=\"elementor-divider\">\n\t\t\t<span class=\"elementor-divider-separator\">\n\t\t\t\t\t\t<\/span>\n\t\t<\/div>\n\t\t\t\t\t\t<\/div>\n\t\t\t\t<\/div>\n\t\t\t\t<div class=\"elementor-element elementor-element-eac9643 elementor-widget elementor-widget-heading\" data-id=\"eac9643\" data-element_type=\"widget\" data-widget_type=\"heading.default\">\n\t\t\t\t<div class=\"elementor-widget-container\">\n\t\t\t\t\t<h3 class=\"elementor-heading-title elementor-size-large\">Corto plazo<\/h3>\t\t\t\t<\/div>\n\t\t\t\t<\/div>\n\t\t\t\t<div class=\"elementor-element elementor-element-3169033 elementor-widget elementor-widget-heading\" data-id=\"3169033\" data-element_type=\"widget\" data-widget_type=\"heading.default\">\n\t\t\t\t<div class=\"elementor-widget-container\">\n\t\t\t\t\t<p class=\"elementor-heading-title elementor-size-default\">0 a 3 a\u00f1os<\/p>\t\t\t\t<\/div>\n\t\t\t\t<\/div>\n\t\t\t\t<div class=\"elementor-element elementor-element-261a34d elementor-widget elementor-widget-text-editor\" data-id=\"261a34d\" data-element_type=\"widget\" data-widget_type=\"text-editor.default\">\n\t\t\t\t<div class=\"elementor-widget-container\">\n\t\t\t\t\t\t\t\t\t<ul><li>Divulgar la caja de herramientas de gesti\u00f3n de talento con enfoque de g\u00e9nero al 100% para los roles con empleados a cargo.<\/li><li>Avanzar en los resultados de los \u00edndices de medici\u00f3n tales como Bloomberg \u2013 Gender Equality Index y Rankin Par.<\/li><li>Implementar la encuesta de clima organizacional de GPTW para identificar el nivel de favorabilidad y trazar planes de iniciativas para el corto y mediano plazo.<\/li><li>Continuar acompa\u00f1ando a las 12 becarias en sus estudios de pregrado en carreras de ciencias y capacitarlas para su primera oportunidad laboral.<\/li><li>Dise\u00f1ar e implementar un plan de sensibilidad y capacitaci\u00f3n para el 70% de nuestros contratistas locales en Colombia y Ecuador sobre nuestro Compromiso de EID, sesgos y acoso laboral y sexual.<\/li><\/ul>\t\t\t\t\t\t\t\t<\/div>\n\t\t\t\t<\/div>\n\t\t\t\t<\/div>\n\t\t<div class=\"elementor-element elementor-element-966c979 e-con-full e-flex e-con e-parent\" data-id=\"966c979\" data-element_type=\"container\">\n\t\t\t\t<div class=\"elementor-element elementor-element-e02441b elementor-widget-divider--view-line elementor-widget elementor-widget-divider\" data-id=\"e02441b\" data-element_type=\"widget\" data-widget_type=\"divider.default\">\n\t\t\t\t<div class=\"elementor-widget-container\">\n\t\t\t\t\t\t\t<div class=\"elementor-divider\">\n\t\t\t<span class=\"elementor-divider-separator\">\n\t\t\t\t\t\t<\/span>\n\t\t<\/div>\n\t\t\t\t\t\t<\/div>\n\t\t\t\t<\/div>\n\t\t\t\t<div class=\"elementor-element elementor-element-3f4a6e5 elementor-widget elementor-widget-heading\" data-id=\"3f4a6e5\" data-element_type=\"widget\" data-widget_type=\"heading.default\">\n\t\t\t\t<div class=\"elementor-widget-container\">\n\t\t\t\t\t<h3 class=\"elementor-heading-title elementor-size-large\">Mediano plazo<\/h3>\t\t\t\t<\/div>\n\t\t\t\t<\/div>\n\t\t\t\t<div class=\"elementor-element elementor-element-81a757d elementor-widget elementor-widget-heading\" data-id=\"81a757d\" data-element_type=\"widget\" data-widget_type=\"heading.default\">\n\t\t\t\t<div class=\"elementor-widget-container\">\n\t\t\t\t\t<p class=\"elementor-heading-title elementor-size-default\">3 a 5 a\u00f1os<\/p>\t\t\t\t<\/div>\n\t\t\t\t<\/div>\n\t\t\t\t<div class=\"elementor-element elementor-element-1280d20 elementor-widget elementor-widget-text-editor\" data-id=\"1280d20\" data-element_type=\"widget\" data-widget_type=\"text-editor.default\">\n\t\t\t\t<div class=\"elementor-widget-container\">\n\t\t\t\t\t\t\t\t\t<ul><li>Lograr la certificaci\u00f3n Sello Oro de Equipares para nuestras operaciones en Colombia.<\/li><li>Continuar avanzando en los resultados de los \u00edndices de medici\u00f3n tales como Bloomberg \u2013 Gender Equality Index, Rankin Par y otros.<\/li><li>Ampliar el programa de Becas para mujeres en carreras de Ciencias.<\/li><\/ul>\t\t\t\t\t\t\t\t<\/div>\n\t\t\t\t<\/div>\n\t\t\t\t<\/div>\n\t\t<div class=\"elementor-element elementor-element-8d2e309 e-con-full e-flex e-con e-parent\" data-id=\"8d2e309\" data-element_type=\"container\">\n\t\t\t\t<div class=\"elementor-element elementor-element-7de66e1 elementor-widget-divider--view-line elementor-widget elementor-widget-divider\" data-id=\"7de66e1\" data-element_type=\"widget\" data-widget_type=\"divider.default\">\n\t\t\t\t<div class=\"elementor-widget-container\">\n\t\t\t\t\t\t\t<div class=\"elementor-divider\">\n\t\t\t<span class=\"elementor-divider-separator\">\n\t\t\t\t\t\t<\/span>\n\t\t<\/div>\n\t\t\t\t\t\t<\/div>\n\t\t\t\t<\/div>\n\t\t\t\t<div class=\"elementor-element elementor-element-be2a496 elementor-widget elementor-widget-heading\" data-id=\"be2a496\" data-element_type=\"widget\" data-widget_type=\"heading.default\">\n\t\t\t\t<div class=\"elementor-widget-container\">\n\t\t\t\t\t<h3 class=\"elementor-heading-title elementor-size-large\">Largo plazo<\/h3>\t\t\t\t<\/div>\n\t\t\t\t<\/div>\n\t\t\t\t<div class=\"elementor-element elementor-element-5177507 elementor-widget elementor-widget-heading\" data-id=\"5177507\" data-element_type=\"widget\" data-widget_type=\"heading.default\">\n\t\t\t\t<div class=\"elementor-widget-container\">\n\t\t\t\t\t<p class=\"elementor-heading-title elementor-size-default\">5 a\u00f1os en adelante<\/p>\t\t\t\t<\/div>\n\t\t\t\t<\/div>\n\t\t\t\t<div class=\"elementor-element elementor-element-5a78e25 elementor-widget elementor-widget-text-editor\" data-id=\"5a78e25\" data-element_type=\"widget\" data-widget_type=\"text-editor.default\">\n\t\t\t\t<div class=\"elementor-widget-container\">\n\t\t\t\t\t\t\t\t\t<ul><li>Continuar promoviendo la inclusi\u00f3n y diversidad en los procesos de reclutamiento garantizando la participaci\u00f3n de candidatos de grupos subrepresentados (personas con discapacidades, \u00e9tnicas, pensionados, j\u00f3venes en primer empleo).<\/li><li>Continuar avanzando en los resultados de los \u00edndices de medici\u00f3n Bloomberg \u2013 Gender Equality Index, Ranking Par y otros.<\/li><\/ul>\t\t\t\t\t\t\t\t<\/div>\n\t\t\t\t<\/div>\n\t\t\t\t<\/div>\n\t\t\t\t\t<\/div>\n\t\t\t\t<\/div>\n\t\t\t\t\t<\/div>\n\t\t\t\t<\/div>\n\t\t\t\t<\/div>\n\t\t","protected":false},"excerpt":{"rendered":"<p>Equidad, inclusi\u00f3n y diversidad Consulte el cap\u00edtulo completo El bienestar de nuestros grupos de inter\u00e9s es una prioridad. Entendemos que en todos los pa\u00edses donde operamos hay retos que afrontar y superar en relaci\u00f3n con la equidad, la inclusi\u00f3n y diversidad (EID).Por eso hemos decidido darle mayor visibilidad y m\u00e1s fuerza a nuestro enfoque EID [&hellip;]<\/p>\n","protected":false},"author":1,"featured_media":1326,"parent":207,"menu_order":5,"comment_status":"closed","ping_status":"closed","template":"","meta":{"_acf_changed":false,"footnotes":""},"categories":[65,75,46,47,57,64,52,55,45],"class_list":["post-2832","page","type-page","status-publish","has-post-thumbnail","hentry","category-empleados","category-empleados-speed","category-impactos","category-ods","category-ods-10","category-ods-17","category-ods-5","category-ods-8","category-speed"],"acf":[],"yoast_head":"<!-- This site is optimized with the Yoast SEO plugin v25.0 - https:\/\/yoast.com\/wordpress\/plugins\/seo\/ -->\n<title>Equidad, inclusi\u00f3n y diversidad - GeoPark<\/title>\n<meta name=\"robots\" content=\"index, follow, max-snippet:-1, max-image-preview:large, max-video-preview:-1\" \/>\n<link rel=\"canonical\" href=\"https:\/\/geo-park.com\/sustainability\/2022\/gestion-social\/equidad-inclusion-y-diversidad\/\" \/>\n<meta property=\"og:locale\" content=\"es_ES\" \/>\n<meta property=\"og:type\" content=\"article\" \/>\n<meta property=\"og:title\" content=\"Equidad, inclusi\u00f3n y diversidad - GeoPark\" \/>\n<meta property=\"og:description\" content=\"Equidad, inclusi\u00f3n y diversidad Consulte el cap\u00edtulo completo El bienestar de nuestros grupos de inter\u00e9s es una prioridad. Entendemos que en todos los pa\u00edses donde operamos hay retos que afrontar y superar en relaci\u00f3n con la equidad, la inclusi\u00f3n y diversidad (EID).Por eso hemos decidido darle mayor visibilidad y m\u00e1s fuerza a nuestro enfoque EID [&hellip;]\" \/>\n<meta property=\"og:url\" content=\"https:\/\/geo-park.com\/sustainability\/2022\/gestion-social\/equidad-inclusion-y-diversidad\/\" \/>\n<meta property=\"og:site_name\" content=\"GeoPark\" \/>\n<meta property=\"article:modified_time\" content=\"2023-06-27T00:26:14+00:00\" \/>\n<meta property=\"og:image\" content=\"https:\/\/geo-park.com\/sustainability\/2022\/wp-content\/uploads\/img-024.jpg\" \/>\n\t<meta property=\"og:image:width\" content=\"2000\" \/>\n\t<meta property=\"og:image:height\" content=\"1335\" \/>\n\t<meta property=\"og:image:type\" content=\"image\/jpeg\" \/>\n<meta name=\"twitter:card\" content=\"summary_large_image\" \/>\n<meta name=\"twitter:label1\" content=\"Tiempo de lectura\" \/>\n\t<meta name=\"twitter:data1\" content=\"3 minutos\" \/>\n<script type=\"application\/ld+json\" class=\"yoast-schema-graph\">{\"@context\":\"https:\/\/schema.org\",\"@graph\":[{\"@type\":\"WebPage\",\"@id\":\"https:\/\/geo-park.com\/sustainability\/2022\/gestion-social\/equidad-inclusion-y-diversidad\/\",\"url\":\"https:\/\/geo-park.com\/sustainability\/2022\/gestion-social\/equidad-inclusion-y-diversidad\/\",\"name\":\"Equidad, inclusi\u00f3n y diversidad - GeoPark\",\"isPartOf\":{\"@id\":\"https:\/\/geo-park.com\/sustainability\/2022\/#website\"},\"primaryImageOfPage\":{\"@id\":\"https:\/\/geo-park.com\/sustainability\/2022\/gestion-social\/equidad-inclusion-y-diversidad\/#primaryimage\"},\"image\":{\"@id\":\"https:\/\/geo-park.com\/sustainability\/2022\/gestion-social\/equidad-inclusion-y-diversidad\/#primaryimage\"},\"thumbnailUrl\":\"https:\/\/geo-park.com\/sustainability\/2022\/wp-content\/uploads\/img-024.jpg\",\"datePublished\":\"2023-05-09T18:23:56+00:00\",\"dateModified\":\"2023-06-27T00:26:14+00:00\",\"breadcrumb\":{\"@id\":\"https:\/\/geo-park.com\/sustainability\/2022\/gestion-social\/equidad-inclusion-y-diversidad\/#breadcrumb\"},\"inLanguage\":\"es-CO\",\"potentialAction\":[{\"@type\":\"ReadAction\",\"target\":[\"https:\/\/geo-park.com\/sustainability\/2022\/gestion-social\/equidad-inclusion-y-diversidad\/\"]}]},{\"@type\":\"ImageObject\",\"inLanguage\":\"es-CO\",\"@id\":\"https:\/\/geo-park.com\/sustainability\/2022\/gestion-social\/equidad-inclusion-y-diversidad\/#primaryimage\",\"url\":\"https:\/\/geo-park.com\/sustainability\/2022\/wp-content\/uploads\/img-024.jpg\",\"contentUrl\":\"https:\/\/geo-park.com\/sustainability\/2022\/wp-content\/uploads\/img-024.jpg\",\"width\":2000,\"height\":1335},{\"@type\":\"BreadcrumbList\",\"@id\":\"https:\/\/geo-park.com\/sustainability\/2022\/gestion-social\/equidad-inclusion-y-diversidad\/#breadcrumb\",\"itemListElement\":[{\"@type\":\"ListItem\",\"position\":1,\"name\":\"Inicio\",\"item\":\"https:\/\/geo-park.com\/sustainability\/2022\/\"},{\"@type\":\"ListItem\",\"position\":2,\"name\":\"Gesti\u00f3n Social\",\"item\":\"https:\/\/geo-park.com\/sustainability\/2022\/gestion-social\/\"},{\"@type\":\"ListItem\",\"position\":3,\"name\":\"Equidad, inclusi\u00f3n y diversidad\"}]},{\"@type\":\"WebSite\",\"@id\":\"https:\/\/geo-park.com\/sustainability\/2022\/#website\",\"url\":\"https:\/\/geo-park.com\/sustainability\/2022\/\",\"name\":\"GeoPark\",\"description\":\"Reporte GeoPark 2022\",\"publisher\":{\"@id\":\"https:\/\/geo-park.com\/sustainability\/2022\/#organization\"},\"potentialAction\":[{\"@type\":\"SearchAction\",\"target\":{\"@type\":\"EntryPoint\",\"urlTemplate\":\"https:\/\/geo-park.com\/sustainability\/2022\/?s={search_term_string}\"},\"query-input\":{\"@type\":\"PropertyValueSpecification\",\"valueRequired\":true,\"valueName\":\"search_term_string\"}}],\"inLanguage\":\"es-CO\"},{\"@type\":\"Organization\",\"@id\":\"https:\/\/geo-park.com\/sustainability\/2022\/#organization\",\"name\":\"GeoPark\",\"url\":\"https:\/\/geo-park.com\/sustainability\/2022\/\",\"logo\":{\"@type\":\"ImageObject\",\"inLanguage\":\"es-CO\",\"@id\":\"https:\/\/geo-park.com\/sustainability\/2022\/#\/schema\/logo\/image\/\",\"url\":\"https:\/\/sustainabilitygeopark.com\/2022\/wp-content\/uploads\/logo-geopark.png\",\"contentUrl\":\"https:\/\/sustainabilitygeopark.com\/2022\/wp-content\/uploads\/logo-geopark.png\",\"width\":3056,\"height\":1476,\"caption\":\"GeoPark\"},\"image\":{\"@id\":\"https:\/\/geo-park.com\/sustainability\/2022\/#\/schema\/logo\/image\/\"},\"sameAs\":[\"https:\/\/www.linkedin.com\/company\/geopark\/\",\"https:\/\/www.youtube.com\/c\/GeoParkOG\"]}]}<\/script>\n<!-- \/ Yoast SEO plugin. -->","yoast_head_json":{"title":"Equidad, inclusi\u00f3n y diversidad - GeoPark","robots":{"index":"index","follow":"follow","max-snippet":"max-snippet:-1","max-image-preview":"max-image-preview:large","max-video-preview":"max-video-preview:-1"},"canonical":"https:\/\/geo-park.com\/sustainability\/2022\/gestion-social\/equidad-inclusion-y-diversidad\/","og_locale":"es_ES","og_type":"article","og_title":"Equidad, inclusi\u00f3n y diversidad - GeoPark","og_description":"Equidad, inclusi\u00f3n y diversidad Consulte el cap\u00edtulo completo El bienestar de nuestros grupos de inter\u00e9s es una prioridad. Entendemos que en todos los pa\u00edses donde operamos hay retos que afrontar y superar en relaci\u00f3n con la equidad, la inclusi\u00f3n y diversidad (EID).Por eso hemos decidido darle mayor visibilidad y m\u00e1s fuerza a nuestro enfoque EID [&hellip;]","og_url":"https:\/\/geo-park.com\/sustainability\/2022\/gestion-social\/equidad-inclusion-y-diversidad\/","og_site_name":"GeoPark","article_modified_time":"2023-06-27T00:26:14+00:00","og_image":[{"width":2000,"height":1335,"url":"https:\/\/geo-park.com\/sustainability\/2022\/wp-content\/uploads\/img-024.jpg","type":"image\/jpeg"}],"twitter_card":"summary_large_image","twitter_misc":{"Tiempo de lectura":"3 minutos"},"schema":{"@context":"https:\/\/schema.org","@graph":[{"@type":"WebPage","@id":"https:\/\/geo-park.com\/sustainability\/2022\/gestion-social\/equidad-inclusion-y-diversidad\/","url":"https:\/\/geo-park.com\/sustainability\/2022\/gestion-social\/equidad-inclusion-y-diversidad\/","name":"Equidad, inclusi\u00f3n y diversidad - GeoPark","isPartOf":{"@id":"https:\/\/geo-park.com\/sustainability\/2022\/#website"},"primaryImageOfPage":{"@id":"https:\/\/geo-park.com\/sustainability\/2022\/gestion-social\/equidad-inclusion-y-diversidad\/#primaryimage"},"image":{"@id":"https:\/\/geo-park.com\/sustainability\/2022\/gestion-social\/equidad-inclusion-y-diversidad\/#primaryimage"},"thumbnailUrl":"https:\/\/geo-park.com\/sustainability\/2022\/wp-content\/uploads\/img-024.jpg","datePublished":"2023-05-09T18:23:56+00:00","dateModified":"2023-06-27T00:26:14+00:00","breadcrumb":{"@id":"https:\/\/geo-park.com\/sustainability\/2022\/gestion-social\/equidad-inclusion-y-diversidad\/#breadcrumb"},"inLanguage":"es-CO","potentialAction":[{"@type":"ReadAction","target":["https:\/\/geo-park.com\/sustainability\/2022\/gestion-social\/equidad-inclusion-y-diversidad\/"]}]},{"@type":"ImageObject","inLanguage":"es-CO","@id":"https:\/\/geo-park.com\/sustainability\/2022\/gestion-social\/equidad-inclusion-y-diversidad\/#primaryimage","url":"https:\/\/geo-park.com\/sustainability\/2022\/wp-content\/uploads\/img-024.jpg","contentUrl":"https:\/\/geo-park.com\/sustainability\/2022\/wp-content\/uploads\/img-024.jpg","width":2000,"height":1335},{"@type":"BreadcrumbList","@id":"https:\/\/geo-park.com\/sustainability\/2022\/gestion-social\/equidad-inclusion-y-diversidad\/#breadcrumb","itemListElement":[{"@type":"ListItem","position":1,"name":"Inicio","item":"https:\/\/geo-park.com\/sustainability\/2022\/"},{"@type":"ListItem","position":2,"name":"Gesti\u00f3n Social","item":"https:\/\/geo-park.com\/sustainability\/2022\/gestion-social\/"},{"@type":"ListItem","position":3,"name":"Equidad, inclusi\u00f3n y diversidad"}]},{"@type":"WebSite","@id":"https:\/\/geo-park.com\/sustainability\/2022\/#website","url":"https:\/\/geo-park.com\/sustainability\/2022\/","name":"GeoPark","description":"Reporte GeoPark 2022","publisher":{"@id":"https:\/\/geo-park.com\/sustainability\/2022\/#organization"},"potentialAction":[{"@type":"SearchAction","target":{"@type":"EntryPoint","urlTemplate":"https:\/\/geo-park.com\/sustainability\/2022\/?s={search_term_string}"},"query-input":{"@type":"PropertyValueSpecification","valueRequired":true,"valueName":"search_term_string"}}],"inLanguage":"es-CO"},{"@type":"Organization","@id":"https:\/\/geo-park.com\/sustainability\/2022\/#organization","name":"GeoPark","url":"https:\/\/geo-park.com\/sustainability\/2022\/","logo":{"@type":"ImageObject","inLanguage":"es-CO","@id":"https:\/\/geo-park.com\/sustainability\/2022\/#\/schema\/logo\/image\/","url":"https:\/\/sustainabilitygeopark.com\/2022\/wp-content\/uploads\/logo-geopark.png","contentUrl":"https:\/\/sustainabilitygeopark.com\/2022\/wp-content\/uploads\/logo-geopark.png","width":3056,"height":1476,"caption":"GeoPark"},"image":{"@id":"https:\/\/geo-park.com\/sustainability\/2022\/#\/schema\/logo\/image\/"},"sameAs":["https:\/\/www.linkedin.com\/company\/geopark\/","https:\/\/www.youtube.com\/c\/GeoParkOG"]}]}},"_links":{"self":[{"href":"https:\/\/geo-park.com\/sustainability\/2022\/wp-json\/wp\/v2\/pages\/2832","targetHints":{"allow":["GET"]}}],"collection":[{"href":"https:\/\/geo-park.com\/sustainability\/2022\/wp-json\/wp\/v2\/pages"}],"about":[{"href":"https:\/\/geo-park.com\/sustainability\/2022\/wp-json\/wp\/v2\/types\/page"}],"author":[{"embeddable":true,"href":"https:\/\/geo-park.com\/sustainability\/2022\/wp-json\/wp\/v2\/users\/1"}],"replies":[{"embeddable":true,"href":"https:\/\/geo-park.com\/sustainability\/2022\/wp-json\/wp\/v2\/comments?post=2832"}],"version-history":[{"count":49,"href":"https:\/\/geo-park.com\/sustainability\/2022\/wp-json\/wp\/v2\/pages\/2832\/revisions"}],"predecessor-version":[{"id":5279,"href":"https:\/\/geo-park.com\/sustainability\/2022\/wp-json\/wp\/v2\/pages\/2832\/revisions\/5279"}],"up":[{"embeddable":true,"href":"https:\/\/geo-park.com\/sustainability\/2022\/wp-json\/wp\/v2\/pages\/207"}],"wp:featuredmedia":[{"embeddable":true,"href":"https:\/\/geo-park.com\/sustainability\/2022\/wp-json\/wp\/v2\/media\/1326"}],"wp:attachment":[{"href":"https:\/\/geo-park.com\/sustainability\/2022\/wp-json\/wp\/v2\/media?parent=2832"}],"wp:term":[{"taxonomy":"category","embeddable":true,"href":"https:\/\/geo-park.com\/sustainability\/2022\/wp-json\/wp\/v2\/categories?post=2832"}],"curies":[{"name":"wp","href":"https:\/\/api.w.org\/{rel}","templated":true}]}}